{"id":620947,"date":"2026-08-27T01:30:11","date_gmt":"2026-08-26T23:30:11","guid":{"rendered":"https:\/\/www.lemanexpress.com\/events\/conference-la-presence-arabo-islamique-dans-le-midi-de-la-france-viiie-xiiie-siecles-entre-conquetes-et-coexistence\/"},"modified":"2026-08-28T01:30:12","modified_gmt":"2026-08-27T23:30:12","slug":"conference-la-presence-arabo-islamique-dans-le-midi-de-la-france-viiie-xiiie-siecles-entre-conquetes-et-coexistence","status":"publish","type":"lex_activity","link":"https:\/\/www.lemanexpress.com\/en\/events\/conference-la-presence-arabo-islamique-dans-le-midi-de-la-france-viiie-xiiie-siecles-entre-conquetes-et-coexistence\/","title":{"rendered":"Conf\u00e9rence &#8211; La pr\u00e9sence arabo-islamique dans le Midi de la France (VIIIe-XIIIe si\u00e8cles).  Entre conqu\u00eates et coexistence ?"},"content":{"rendered":"<p>Au d\u00e9but du VIIIe si\u00e8cle, les arm\u00e9es islamiques atteignent la p\u00e9ninsule Ib\u00e9rique, celles issues du califat Omeyyade se dirigent vers le sud de la France. La c\u00e9l\u00e8bre bataille de Poitiers en 732 qui fut en r\u00e9alit\u00e9 un affrontement mineur, marqua un coup d\u2019arr\u00eat aux ambitions expansionnistes des Arabo-Berb\u00e8res vers le nord de l\u2019hexagone, mais quelques enclaves musulmanes subsist\u00e8rent, comme en t\u00e9moignent la ville de Narbonne (Arb\u00fbna) et d\u2019autres points d\u2019appuis m\u00e9ridionaux (Ruscino, Le Fraxinetum, etc.). Les historiens d\u00e9battent encore de l\u2019ampleur et de la nature de ces contacts. Certains avancent une occupation sporadique, d\u2019autres, au contraire, soulignent une influence plus durable, visible dans les \u00e9changes culturels. Une chose para\u00eet certaine, les Arabes \u00e9tablirent des bases temporaires sur terre ferme et sur mer \u2013 avec le r\u00e9seau insulaire (Bal\u00e9ares, Corse, Sardaigne, Sicile, Malte, Cr\u00eate, Chypre\u2026) \u2014 Pour contr\u00f4ler les routes commerciales, notamment entre l\u2019Italie et la p\u00e9ninsule Ib\u00e9rique, et maintenir leurs communications avec le califat de Cordoue.<\/p>\n","protected":false},"excerpt":{"rendered":"<p>Conf\u00e9rence-d\u00e9bat propos\u00e9e par Catherine Richart\u00e9-Manfredi, ing\u00e9nieur charg\u00e9e de recherche. Sp\u00e9cialiste en c\u00e9ramologie m\u00e9di\u00e9vale m\u00e9diterran\u00e9enne. Institut national de recherche arch\u00e9ologiques pr\u00e9ventives INRAP. Docteure en Histoire m\u00e9di\u00e9vale (Univ.Lyon 2).<\/p>\n","protected":false},"featured_media":620948,"menu_order":0,"template":"","lex_activity_apidae_category":[90],"lex_activity_category":[],"lex_activity_tag":[],"class_list":["post-620947","lex_activity","type-lex_activity","status-publish","has-post-thumbnail","hentry"],"acf":[],"publishpress_future_workflow_manual_trigger":{"enabledWorkflows":[]},"_links":{"self":[{"href":"https:\/\/www.lemanexpress.com\/en\/wp-json\/wp\/v2\/lex_activity\/620947","targetHints":{"allow":["GET"]}}],"collection":[{"href":"https:\/\/www.lemanexpress.com\/en\/wp-json\/wp\/v2\/lex_activity"}],"about":[{"href":"https:\/\/www.lemanexpress.com\/en\/wp-json\/wp\/v2\/types\/lex_activity"}],"version-history":[{"count":1,"href":"https:\/\/www.lemanexpress.com\/en\/wp-json\/wp\/v2\/lex_activity\/620947\/revisions"}],"predecessor-version":[{"id":621047,"href":"https:\/\/www.lemanexpress.com\/en\/wp-json\/wp\/v2\/lex_activity\/620947\/revisions\/621047"}],"wp:featuredmedia":[{"embeddable":true,"href":"https:\/\/www.lemanexpress.com\/en\/wp-json\/wp\/v2\/media\/620948"}],"wp:attachment":[{"href":"https:\/\/www.lemanexpress.com\/en\/wp-json\/wp\/v2\/media?parent=620947"}],"wp:term":[{"taxonomy":"lex_activity_apidae_category","embeddable":true,"href":"https:\/\/www.lemanexpress.com\/en\/wp-json\/wp\/v2\/lex_activity_apidae_category?post=620947"},{"taxonomy":"lex_activity_category","embeddable":true,"href":"https:\/\/www.lemanexpress.com\/en\/wp-json\/wp\/v2\/lex_activity_category?post=620947"},{"taxonomy":"lex_activity_tag","embeddable":true,"href":"https:\/\/www.lemanexpress.com\/en\/wp-json\/wp\/v2\/lex_activity_tag?post=620947"}],"curies":[{"name":"wp","href":"https:\/\/api.w.org\/{rel}","templated":true}]}}