{"id":609903,"date":"2026-04-30T01:31:18","date_gmt":"2026-04-29T23:31:18","guid":{"rendered":"https:\/\/www.lemanexpress.com\/events\/fete-nationale-du-14-juillet\/"},"modified":"2026-04-30T01:31:18","modified_gmt":"2026-04-29T23:31:18","slug":"fete-nationale-du-14-juillet","status":"publish","type":"lex_activity","link":"https:\/\/www.lemanexpress.com\/en\/events\/fete-nationale-du-14-juillet\/","title":{"rendered":"F\u00eate Nationale du 14 juillet"},"content":{"rendered":"<p>Profitez de la f\u00eate nationale un jour en avance ! Des feux d&#8217;artifice tir\u00e9s depuis le site de Rochefort viendront illuminer le ciel dans la soir\u00e9e \u00e0 partir de 22h15. Ils seront suivis par un concert au centre du village. Une soir\u00e9e festive \u00e0 partager entre amis ou en famille !<\/p>\n","protected":false},"excerpt":{"rendered":"<p>F\u00eatons le 14 juillet&#8230; le 13 juillet \u00e0 Cordon ! Feux d&#8217;artifice visibles du centre du village suivi d&#8217;un concert pour prolonger les festivit\u00e9s !<\/p>\n","protected":false},"featured_media":609904,"menu_order":0,"template":"","lex_activity_apidae_category":[101],"lex_activity_category":[],"lex_activity_tag":[],"class_list":["post-609903","lex_activity","type-lex_activity","status-publish","has-post-thumbnail","hentry"],"acf":[],"publishpress_future_workflow_manual_trigger":{"enabledWorkflows":[]},"_links":{"self":[{"href":"https:\/\/www.lemanexpress.com\/en\/wp-json\/wp\/v2\/lex_activity\/609903","targetHints":{"allow":["GET"]}}],"collection":[{"href":"https:\/\/www.lemanexpress.com\/en\/wp-json\/wp\/v2\/lex_activity"}],"about":[{"href":"https:\/\/www.lemanexpress.com\/en\/wp-json\/wp\/v2\/types\/lex_activity"}],"version-history":[{"count":0,"href":"https:\/\/www.lemanexpress.com\/en\/wp-json\/wp\/v2\/lex_activity\/609903\/revisions"}],"wp:featuredmedia":[{"embeddable":true,"href":"https:\/\/www.lemanexpress.com\/en\/wp-json\/wp\/v2\/media\/609904"}],"wp:attachment":[{"href":"https:\/\/www.lemanexpress.com\/en\/wp-json\/wp\/v2\/media?parent=609903"}],"wp:term":[{"taxonomy":"lex_activity_apidae_category","embeddable":true,"href":"https:\/\/www.lemanexpress.com\/en\/wp-json\/wp\/v2\/lex_activity_apidae_category?post=609903"},{"taxonomy":"lex_activity_category","embeddable":true,"href":"https:\/\/www.lemanexpress.com\/en\/wp-json\/wp\/v2\/lex_activity_category?post=609903"},{"taxonomy":"lex_activity_tag","embeddable":true,"href":"https:\/\/www.lemanexpress.com\/en\/wp-json\/wp\/v2\/lex_activity_tag?post=609903"}],"curies":[{"name":"wp","href":"https:\/\/api.w.org\/{rel}","templated":true}]}}