{"id":609619,"date":"2026-04-28T01:31:30","date_gmt":"2026-04-27T23:31:30","guid":{"rendered":"https:\/\/www.lemanexpress.com\/events\/mardi-du-geoparc-du-chablais-au-mont-benand\/"},"modified":"2026-04-28T01:31:30","modified_gmt":"2026-04-27T23:31:30","slug":"mardi-du-geoparc-du-chablais-au-mont-benand","status":"publish","type":"lex_activity","link":"https:\/\/www.lemanexpress.com\/en\/events\/mardi-du-geoparc-du-chablais-au-mont-benand\/","title":{"rendered":"&#8220;Mardi du G\u00e9oparc du Chablais&#8221; au Mont B\u00e9nand"},"content":{"rendered":"<p>Un m\u00e9diateur du G\u00e9oparc et une animatrice nature du Pays d&#8217;Evian vall\u00e9e d&#8217;Abondance seront pr\u00e9sents pour aiguiser votre curiosit\u00e9. Le stand se situera sur le parking du col de la Creusaz, point de d\u00e9part de nombreuses randonn\u00e9e dont le tour du mont B\u00e9nand.<\/p>\n","protected":false},"excerpt":{"rendered":"<p>Un rendez-vous gratuit autour d\u2019un stand p\u00e9dagogique pour mieux comprendre les richesses du lieu et d\u00e9couvrir le label G\u00e9oparc mondial UNESCO, les singularit\u00e9s du Chablais, l&#8217;histoire de ses paysages et les liens forts entre l&#8217;Homme et la Terre.<\/p>\n","protected":false},"featured_media":609620,"menu_order":0,"template":"","lex_activity_apidae_category":[90],"lex_activity_category":[],"lex_activity_tag":[],"class_list":["post-609619","lex_activity","type-lex_activity","status-publish","has-post-thumbnail","hentry"],"acf":[],"publishpress_future_workflow_manual_trigger":{"enabledWorkflows":[]},"_links":{"self":[{"href":"https:\/\/www.lemanexpress.com\/en\/wp-json\/wp\/v2\/lex_activity\/609619","targetHints":{"allow":["GET"]}}],"collection":[{"href":"https:\/\/www.lemanexpress.com\/en\/wp-json\/wp\/v2\/lex_activity"}],"about":[{"href":"https:\/\/www.lemanexpress.com\/en\/wp-json\/wp\/v2\/types\/lex_activity"}],"version-history":[{"count":0,"href":"https:\/\/www.lemanexpress.com\/en\/wp-json\/wp\/v2\/lex_activity\/609619\/revisions"}],"wp:featuredmedia":[{"embeddable":true,"href":"https:\/\/www.lemanexpress.com\/en\/wp-json\/wp\/v2\/media\/609620"}],"wp:attachment":[{"href":"https:\/\/www.lemanexpress.com\/en\/wp-json\/wp\/v2\/media?parent=609619"}],"wp:term":[{"taxonomy":"lex_activity_apidae_category","embeddable":true,"href":"https:\/\/www.lemanexpress.com\/en\/wp-json\/wp\/v2\/lex_activity_apidae_category?post=609619"},{"taxonomy":"lex_activity_category","embeddable":true,"href":"https:\/\/www.lemanexpress.com\/en\/wp-json\/wp\/v2\/lex_activity_category?post=609619"},{"taxonomy":"lex_activity_tag","embeddable":true,"href":"https:\/\/www.lemanexpress.com\/en\/wp-json\/wp\/v2\/lex_activity_tag?post=609619"}],"curies":[{"name":"wp","href":"https:\/\/api.w.org\/{rel}","templated":true}]}}