{"id":609568,"date":"2026-04-28T01:30:42","date_gmt":"2026-04-27T23:30:42","guid":{"rendered":"https:\/\/www.lemanexpress.com\/events\/avant-premiere-du-film-a-bras-le-corps\/"},"modified":"2026-04-29T01:30:31","modified_gmt":"2026-04-28T23:30:31","slug":"avant-premiere-du-film-a-bras-le-corps","status":"publish","type":"lex_activity","link":"https:\/\/www.lemanexpress.com\/en\/events\/avant-premiere-du-film-a-bras-le-corps\/","title":{"rendered":"Avant-premi\u00e8re du film &#8220;\u00c0 bras-le-corps&#8221;"},"content":{"rendered":"<p>Puisque la culture ignore les fronti\u00e8res, nous avons repens\u00e9 notre programme culturel, pour abolir les distances et placer le dialogue franco-suisse au c\u0153ur de nos actions.<\/p>\n<p>L\u2019Alliance Fran\u00e7aise de Gen\u00e8ve met \u00e0 l\u2019honneur la collaboration transfrontali\u00e8re au Cin\u00e9ma Rouge &amp; Noir de Saint-Julien-en-Genevois. Rejoignez-nous pour une soir\u00e9e exceptionnelle avec la projection en avant-premi\u00e8re fran\u00e7aise du film &#8220;\u00c0 bras-le-corps&#8221;. La s\u00e9ance sera suivie d\u2019un temps d&#8217;\u00e9change privil\u00e9gi\u00e9 pour explorer ensemble les sujets abord\u00e9s par l&#8217;\u0153uvre. <\/p>\n<p>Une \u0153uvre forte au c\u0153ur de notre histoire commune: <\/p>\n<p>Plus qu&#8217;une simple s\u00e9ance de cin\u00e9ma, cet \u00e9v\u00e9nement se veut un v\u00e9ritable pont entre nos territoires, marqu\u00e9 par un pass\u00e9 commun. Le film nous plonge dans un r\u00e9cit poignant et universel :<\/p>\n<p>\u00ab Jura suisse, 1943. Emma, 15 ans, enceinte \u00e0 la suite d\u2019un viol, ne peut se r\u00e9signer \u00e0 abandonner ses r\u00eaves. Tandis qu\u2019\u00e0 la fronti\u00e8re la guerre fait rage, elle d\u00e9fie sa communaut\u00e9 pour se frayer un chemin vers la libert\u00e9\u2026 \u00bb<\/p>\n<p>Un temps d\u2019\u00e9change pour aller plus loin: <\/p>\n<p>\u00c0 l&#8217;issue du film, le public sera invit\u00e9 \u00e0 prendre la parole lors d&#8217;une discussion anim\u00e9e par des expert\u00b7es du film et des th\u00e9matiques soulev\u00e9es. Ce moment de partage sera l&#8217;occasion de d\u00e9crypter l\u2019\u0153uvre, de confronter les points de vue et de faire r\u00e9sonner les enjeux du film avec notre r\u00e9alit\u00e9 locale et transfrontali\u00e8re.<\/p>\n<p>Nous vous attendons nombreux.ses pour faire de cette soir\u00e9e un moment de partage culturel, de r\u00e9flexion et de rencontres.<\/p>\n","protected":false},"excerpt":{"rendered":"<p>Avant-premi\u00e8re de &#8220;\u00c0 bras-le-corps&#8221; en France !<\/p>\n<p>L&#8217;Alliance Fran\u00e7aise de Gen\u00e8ve &amp; Cin\u00e9ma Rouge et Noir vous invitent \u00e0 une soir\u00e9e in\u00e9dite : film et discussion avec des expert\u00b7es.<\/p>\n","protected":false},"featured_media":609569,"menu_order":0,"template":"","lex_activity_apidae_category":[89],"lex_activity_category":[],"lex_activity_tag":[],"class_list":["post-609568","lex_activity","type-lex_activity","status-publish","has-post-thumbnail","hentry"],"acf":[],"publishpress_future_workflow_manual_trigger":{"enabledWorkflows":[]},"_links":{"self":[{"href":"https:\/\/www.lemanexpress.com\/en\/wp-json\/wp\/v2\/lex_activity\/609568","targetHints":{"allow":["GET"]}}],"collection":[{"href":"https:\/\/www.lemanexpress.com\/en\/wp-json\/wp\/v2\/lex_activity"}],"about":[{"href":"https:\/\/www.lemanexpress.com\/en\/wp-json\/wp\/v2\/types\/lex_activity"}],"version-history":[{"count":1,"href":"https:\/\/www.lemanexpress.com\/en\/wp-json\/wp\/v2\/lex_activity\/609568\/revisions"}],"predecessor-version":[{"id":609675,"href":"https:\/\/www.lemanexpress.com\/en\/wp-json\/wp\/v2\/lex_activity\/609568\/revisions\/609675"}],"wp:featuredmedia":[{"embeddable":true,"href":"https:\/\/www.lemanexpress.com\/en\/wp-json\/wp\/v2\/media\/609569"}],"wp:attachment":[{"href":"https:\/\/www.lemanexpress.com\/en\/wp-json\/wp\/v2\/media?parent=609568"}],"wp:term":[{"taxonomy":"lex_activity_apidae_category","embeddable":true,"href":"https:\/\/www.lemanexpress.com\/en\/wp-json\/wp\/v2\/lex_activity_apidae_category?post=609568"},{"taxonomy":"lex_activity_category","embeddable":true,"href":"https:\/\/www.lemanexpress.com\/en\/wp-json\/wp\/v2\/lex_activity_category?post=609568"},{"taxonomy":"lex_activity_tag","embeddable":true,"href":"https:\/\/www.lemanexpress.com\/en\/wp-json\/wp\/v2\/lex_activity_tag?post=609568"}],"curies":[{"name":"wp","href":"https:\/\/api.w.org\/{rel}","templated":true}]}}