{"id":609442,"date":"2026-04-25T01:31:25","date_gmt":"2026-04-24T23:31:25","guid":{"rendered":"https:\/\/www.lemanexpress.com\/events\/semaine-de-la-biodiversite\/"},"modified":"2026-04-30T01:30:37","modified_gmt":"2026-04-29T23:30:37","slug":"semaine-de-la-biodiversite","status":"publish","type":"lex_activity","link":"https:\/\/www.lemanexpress.com\/en\/events\/semaine-de-la-biodiversite\/","title":{"rendered":"Semaine de la biodiversit\u00e9"},"content":{"rendered":"<p>Du 29 avril au 30 mai, la M\u00e9diath\u00e8que de Viry accueille l\u2019exposition \u00ab Le miracle de la biodiversit\u00e9 \u00bb. Accessible \u00e0 tous, en entr\u00e9e libre, elle permet de d\u00e9couvrir de mani\u00e8re ludique et p\u00e9dagogique la diversit\u00e9 du monde vivant.<\/p>\n<p>Le mercredi 27 mai, deux animations sont propos\u00e9es par la M\u00e9diath\u00e8que. Un atelier de fabrication de jarres d\u2019irrigation se tiendra de 10h \u00e0 13h, \u00e0 la Salle de la Lucarne (Ellipse). Destin\u00e9 aux adultes, il permettra de d\u00e9couvrir une technique \u00e9cologique pour arroser ses plantes tout en \u00e9conomisant l\u2019eau (en partenariat avec C\u00e9ramiques des Subsistances). En fin de journ\u00e9e, de 17h \u00e0 17h30, les enfants de 4 \u00e0 7 ans pourront profiter d\u2019un moment de lecture autour de la nature, pour \u00e9veiller leur curiosit\u00e9 et leur imaginaire.<\/p>\n<p>Le jeudi 28 mai, rendez-vous \u00e0 20h30 au cin\u00e9ma Rouge &amp; Noir de Saint-Julien-en-Genevois pour une projection-d\u00e9bat du film documentaire \u00ab Le chemin des aff\u00fbts \u00bb. Ouverte d\u00e8s 8 ans, cette soir\u00e9e vous apportera un autre regard sur la faune sauvage. Elle sera suivie d\u2019un temps d\u2019\u00e9change en pr\u00e9sence de son r\u00e9alisateur.<\/p>\n<p>Enfin, le vendredi 29 mai, une conf\u00e9rence intitul\u00e9e \u00ab La biodiversit\u00e9 en Haute-Savoie \u00bb viendra cl\u00f4turer cette semaine. De 19h30 \u00e0 21h, \u00e0 la Salle de la Lucarne (Ellipse), ce temps d\u2019\u00e9change permettra de mieux comprendre les enjeux environnementaux locaux.<\/p>\n<p>Toutes ces animations sont gratuites (sauf la projection : payante) et sur r\u00e9servation. Autant d\u2019occasions de s\u2019informer, d\u2019\u00e9changer et de repartir avec des id\u00e9es simples \u00e0 mettre en place au quotidien.<\/p>\n<p>Pour les curieux, les passionn\u00e9s ou simplement en qu\u00eate d\u2019une sortie diff\u00e9rente : cette semaine est faite pour vous !<\/p>\n","protected":false},"excerpt":{"rendered":"<p>Semaine de la biodiversit\u00e9 : d\u00e9couvrez le vivant sous toutes ses formes \u00e0 travers une expo ludique, des ateliers, des moments de lecture pour enfants, une projection-d\u00e9bat sur la faune sauvage et une conf\u00e9rence sur la biodiversit\u00e9 en Haute-Savoie<\/p>\n","protected":false},"featured_media":609443,"menu_order":0,"template":"","lex_activity_apidae_category":[90,79,89],"lex_activity_category":[],"lex_activity_tag":[],"class_list":["post-609442","lex_activity","type-lex_activity","status-publish","has-post-thumbnail","hentry"],"acf":[],"publishpress_future_workflow_manual_trigger":{"enabledWorkflows":[]},"_links":{"self":[{"href":"https:\/\/www.lemanexpress.com\/en\/wp-json\/wp\/v2\/lex_activity\/609442","targetHints":{"allow":["GET"]}}],"collection":[{"href":"https:\/\/www.lemanexpress.com\/en\/wp-json\/wp\/v2\/lex_activity"}],"about":[{"href":"https:\/\/www.lemanexpress.com\/en\/wp-json\/wp\/v2\/types\/lex_activity"}],"version-history":[{"count":1,"href":"https:\/\/www.lemanexpress.com\/en\/wp-json\/wp\/v2\/lex_activity\/609442\/revisions"}],"predecessor-version":[{"id":609515,"href":"https:\/\/www.lemanexpress.com\/en\/wp-json\/wp\/v2\/lex_activity\/609442\/revisions\/609515"}],"wp:featuredmedia":[{"embeddable":true,"href":"https:\/\/www.lemanexpress.com\/en\/wp-json\/wp\/v2\/media\/609443"}],"wp:attachment":[{"href":"https:\/\/www.lemanexpress.com\/en\/wp-json\/wp\/v2\/media?parent=609442"}],"wp:term":[{"taxonomy":"lex_activity_apidae_category","embeddable":true,"href":"https:\/\/www.lemanexpress.com\/en\/wp-json\/wp\/v2\/lex_activity_apidae_category?post=609442"},{"taxonomy":"lex_activity_category","embeddable":true,"href":"https:\/\/www.lemanexpress.com\/en\/wp-json\/wp\/v2\/lex_activity_category?post=609442"},{"taxonomy":"lex_activity_tag","embeddable":true,"href":"https:\/\/www.lemanexpress.com\/en\/wp-json\/wp\/v2\/lex_activity_tag?post=609442"}],"curies":[{"name":"wp","href":"https:\/\/api.w.org\/{rel}","templated":true}]}}