{"id":609379,"date":"2026-04-25T01:30:07","date_gmt":"2026-04-24T23:30:07","guid":{"rendered":"https:\/\/www.lemanexpress.com\/events\/vernissage-de-lexposition-ressources-sensibles\/"},"modified":"2026-04-25T01:30:07","modified_gmt":"2026-04-24T23:30:07","slug":"vernissage-de-lexposition-ressources-sensibles","status":"publish","type":"lex_activity","link":"https:\/\/www.lemanexpress.com\/en\/events\/vernissage-de-lexposition-ressources-sensibles\/","title":{"rendered":"Vernissage de l&#8217;exposition \u00abRessources Sensibles\u00bb"},"content":{"rendered":"<p>La Villa du Parc est heureuse de s\u2019associer \u00e0 la biennale (re)connecting.earth (03) &#8220;Ressources Sensibles&#8221; qui propose pour sa 3e \u00e9dition un parcours transfrontalier reliant la Com\u00e9die de Gen\u00e8ve au centre d\u2019art contemporain d\u2019Annemasse, en passant par la Voie Verte et le L\u00e9man Express. C\u2019est ainsi plus de 50 \u0153uvres \u00e0 d\u00e9couvrir ou re-d\u00e9couvrir, sculptures monumentales, vid\u00e9os, \u0153uvres d\u2019art public ou conceptuelles et de nombreux rendez-vous scientifiques, p\u00e9dagogiques et festifs.<\/p>\n<p>Port\u00e9e par l\u2019association art-werk qui a fait de la sensibilisation \u00e0 l\u2019art et aux enjeux environnementaux plus qu\u2019un engagement, une v\u00e9ritable proposition pour un futur commun, cet \u00e9v\u00e8nement promet de rassembler un large public et d\u2019offrir de multiples occasions de franchir des fronti\u00e8res \u2013 entre les pays, mais aussi les \u00eatres et les connaissances.<br \/>\nImagin\u00e9e par le curateur de la biennale, Bernard Vienat, l\u2019exposition \u00e0 la Villa du Parc r\u00e9unit les \u0153uvres de 11 artistes internationaux\u00b7ales autour du th\u00e8me des ressources g\u00e9ologiques. Il va sans dire que l\u2019actualit\u00e9 mondiale nous a rattrap\u00e9e dans cette aventure artistique, laquelle sera, nous l\u2019esp\u00e9rons, partag\u00e9e avec d\u2019autant plus d\u2019acuit\u00e9 et de bienveillance. Ce th\u00e8me a \u00e9t\u00e9 choisi relativement \u00e0 des temps troubl\u00e9s mais aussi \u00e0 l\u2019espace singulier que nous habitons : de Gen\u00e8ve, capitale du commerce des mati\u00e8res premi\u00e8res, \u00e0 toute une zone frontali\u00e8re dont le paysage est marqu\u00e9 par la multiplication massive des chantiers de construction en b\u00e9ton r\u00e9pondant \u00e0 une forte demande immobili\u00e8re. <\/p>\n<p>Produit du creusement du tunnel ferroviaire, la Voie Verte se pr\u00e9sente ici comme un espace des possibles, o\u00f9 s\u2019observent un \u00e9cosyst\u00e8me tout neuf, d\u2019autres rythmes et mouvements, forces motrices de nouveaux imaginaires. Pour l\u2019heure, les \u0153uvres, si elles assemblent des effets visuels, des mythes et des formules po\u00e9tiques, ne tentent d\u2019aucune mani\u00e8re d\u2019enjoliver la r\u00e9alit\u00e9. Sans catastrophisme ni morale, elles ouvrent des pistes de r\u00e9flexion critique sur notre histoire et nos pratiques d\u2019extraction. Percevoir ces dimensions \u2013 sous-terraines, hors-champs, infiniment grandes ou petites \u2013 est un exercice sensible auquel nous invitent les \u0153uvres d\u2019art.<\/p>\n","protected":false},"excerpt":{"rendered":"<p>La Villa du Parc vous invite au vernissage de l&#8217;exposition &#8220;Ressources sensibles&#8221; en partenariat avec la Biennale transfrontali\u00e8re (re)connecting.earth (03).<\/p>\n","protected":false},"featured_media":609380,"menu_order":0,"template":"","lex_activity_apidae_category":[257,79,103],"lex_activity_category":[],"lex_activity_tag":[],"class_list":["post-609379","lex_activity","type-lex_activity","status-publish","has-post-thumbnail","hentry"],"acf":[],"publishpress_future_workflow_manual_trigger":{"enabledWorkflows":[]},"_links":{"self":[{"href":"https:\/\/www.lemanexpress.com\/en\/wp-json\/wp\/v2\/lex_activity\/609379","targetHints":{"allow":["GET"]}}],"collection":[{"href":"https:\/\/www.lemanexpress.com\/en\/wp-json\/wp\/v2\/lex_activity"}],"about":[{"href":"https:\/\/www.lemanexpress.com\/en\/wp-json\/wp\/v2\/types\/lex_activity"}],"version-history":[{"count":0,"href":"https:\/\/www.lemanexpress.com\/en\/wp-json\/wp\/v2\/lex_activity\/609379\/revisions"}],"wp:featuredmedia":[{"embeddable":true,"href":"https:\/\/www.lemanexpress.com\/en\/wp-json\/wp\/v2\/media\/609380"}],"wp:attachment":[{"href":"https:\/\/www.lemanexpress.com\/en\/wp-json\/wp\/v2\/media?parent=609379"}],"wp:term":[{"taxonomy":"lex_activity_apidae_category","embeddable":true,"href":"https:\/\/www.lemanexpress.com\/en\/wp-json\/wp\/v2\/lex_activity_apidae_category?post=609379"},{"taxonomy":"lex_activity_category","embeddable":true,"href":"https:\/\/www.lemanexpress.com\/en\/wp-json\/wp\/v2\/lex_activity_category?post=609379"},{"taxonomy":"lex_activity_tag","embeddable":true,"href":"https:\/\/www.lemanexpress.com\/en\/wp-json\/wp\/v2\/lex_activity_tag?post=609379"}],"curies":[{"name":"wp","href":"https:\/\/api.w.org\/{rel}","templated":true}]}}