{"id":608643,"date":"2026-04-18T01:30:10","date_gmt":"2026-04-17T23:30:10","guid":{"rendered":"https:\/\/www.lemanexpress.com\/events\/la-montee-du-nid-daigle-40-ans\/"},"modified":"2026-04-18T01:30:10","modified_gmt":"2026-04-17T23:30:10","slug":"la-montee-du-nid-daigle-40-ans","status":"publish","type":"lex_activity","link":"https:\/\/www.lemanexpress.com\/en\/events\/la-montee-du-nid-daigle-40-ans\/","title":{"rendered":"La Mont\u00e9e du Nid d&#8217;aigle : 40 ans"},"content":{"rendered":"<p>C&#8217;est aux c\u00f4t\u00e9s de grands athl\u00e8tes que petits et grands, amateurs ou professionnels, prendront le d\u00e9part le samedi 18 juillet 2026. Pour cette 39e \u00e9dition, la course c\u00e9l\u00e8bre un jalon historique : son 40e anniversaire. Un double \u00e9v\u00e9nement qui confirme l&#8217;ascension vers son point culminant embl\u00e9matique, le refuge du Nid d\u2019Aigle, comme un moment de l\u00e9gende.<\/p>\n<p>V\u00e9ritable pilier du patrimoine de Saint-Gervais Mont-Blanc depuis quatre d\u00e9cennies, l&#8217;\u00e9preuve reste fid\u00e8le \u00e0 son trac\u00e9 originel. Ce parcours immuable en fait un rendez-vous sacr\u00e9 pour tous les sp\u00e9cialistes de la montagne. De ses d\u00e9buts \u00e0 aujourd&#8217;hui, la mont\u00e9e offre une arriv\u00e9e majestueuse au seuil de la voie d\u2019acc\u00e8s au Mont-Blanc, l\u00e0 o\u00f9 commence l&#8217;aventure des alpinistes. Le retour, quant \u00e0 lui, s&#8217;effectue par l\u2019incontournable Tramway du Mont-Blanc, signature unique de cette course historique.<\/p>\n<p>Pour suivre toute l\u2019actualit\u00e9 de cette \u00e9dition anniversaire, rejoignez la communaut\u00e9 sur les pages Facebook et Instagram de la Mont\u00e9e du Nid d\u2019Aigle.<\/p>\n<p>D\u00e9part : Parc Thermal du Fayet<\/p>\n<p>Arriv\u00e9e : Nid d&#8217;Aigle \/ Bellevue<\/p>\n<p>Distance : 19,5 km<br \/>\nD\u00e9nivel\u00e9 : 2000 D+<\/p>\n","protected":false},"excerpt":{"rendered":"<p>Pr\u00e9parez-vous pour une ascension mythique au d\u00e9part du Fayet jusqu&#8217;au Nid d&#8217;Aigle. Cette ann\u00e9e, l\u2019\u00e9preuve rev\u00eat une saveur toute particuli\u00e8re : nous c\u00e9l\u00e9brons la 39e \u00e9dition de la course, marquant officiellement le 40e anniversaire de sa cr\u00e9ation !<\/p>\n","protected":false},"featured_media":608644,"menu_order":0,"template":"","lex_activity_apidae_category":[108],"lex_activity_category":[],"lex_activity_tag":[],"class_list":["post-608643","lex_activity","type-lex_activity","status-publish","has-post-thumbnail","hentry"],"acf":[],"publishpress_future_workflow_manual_trigger":{"enabledWorkflows":[]},"_links":{"self":[{"href":"https:\/\/www.lemanexpress.com\/en\/wp-json\/wp\/v2\/lex_activity\/608643","targetHints":{"allow":["GET"]}}],"collection":[{"href":"https:\/\/www.lemanexpress.com\/en\/wp-json\/wp\/v2\/lex_activity"}],"about":[{"href":"https:\/\/www.lemanexpress.com\/en\/wp-json\/wp\/v2\/types\/lex_activity"}],"version-history":[{"count":0,"href":"https:\/\/www.lemanexpress.com\/en\/wp-json\/wp\/v2\/lex_activity\/608643\/revisions"}],"wp:featuredmedia":[{"embeddable":true,"href":"https:\/\/www.lemanexpress.com\/en\/wp-json\/wp\/v2\/media\/608644"}],"wp:attachment":[{"href":"https:\/\/www.lemanexpress.com\/en\/wp-json\/wp\/v2\/media?parent=608643"}],"wp:term":[{"taxonomy":"lex_activity_apidae_category","embeddable":true,"href":"https:\/\/www.lemanexpress.com\/en\/wp-json\/wp\/v2\/lex_activity_apidae_category?post=608643"},{"taxonomy":"lex_activity_category","embeddable":true,"href":"https:\/\/www.lemanexpress.com\/en\/wp-json\/wp\/v2\/lex_activity_category?post=608643"},{"taxonomy":"lex_activity_tag","embeddable":true,"href":"https:\/\/www.lemanexpress.com\/en\/wp-json\/wp\/v2\/lex_activity_tag?post=608643"}],"curies":[{"name":"wp","href":"https:\/\/api.w.org\/{rel}","templated":true}]}}