{"id":605019,"date":"2026-03-07T00:39:40","date_gmt":"2026-03-06T23:39:40","guid":{"rendered":"https:\/\/www.lemanexpress.com\/events\/vide-grenier-et-marche-de-createurs\/"},"modified":"2026-04-29T01:31:10","modified_gmt":"2026-04-28T23:31:10","slug":"vide-grenier-et-marche-de-createurs","status":"publish","type":"lex_activity","link":"https:\/\/www.lemanexpress.com\/en\/events\/vide-grenier-et-marche-de-createurs\/","title":{"rendered":"Braderie et march\u00e9 de cr\u00e9ateurs"},"content":{"rendered":"<p>La Micro Cr\u00e8che des Petits Sarvans vous propose un vide grenier. Sur place, vous trouverez un march\u00e9 des cr\u00e9ateurs ainsi que des jeux et spectacles pour enfants, une ferme aux animaux, de la restauration et une buvette.<\/p>\n<p>R\u00e9servation d&#8217;emplacement en amont par mail \u00e0 evenementiel@assobebescordon.com<\/p>\n","protected":false},"excerpt":{"rendered":"<p>Braderie organis\u00e9 par la Micro Cr\u00e8che de Cordon : une journ\u00e9e festive pour les familles ! (animations et march\u00e9 des cr\u00e9ateurs sur place)<\/p>\n","protected":false},"featured_media":609699,"menu_order":0,"template":"","lex_activity_apidae_category":[167],"lex_activity_category":[],"lex_activity_tag":[],"class_list":["post-605019","lex_activity","type-lex_activity","status-publish","has-post-thumbnail","hentry"],"acf":[],"publishpress_future_workflow_manual_trigger":{"enabledWorkflows":[]},"_links":{"self":[{"href":"https:\/\/www.lemanexpress.com\/en\/wp-json\/wp\/v2\/lex_activity\/605019","targetHints":{"allow":["GET"]}}],"collection":[{"href":"https:\/\/www.lemanexpress.com\/en\/wp-json\/wp\/v2\/lex_activity"}],"about":[{"href":"https:\/\/www.lemanexpress.com\/en\/wp-json\/wp\/v2\/types\/lex_activity"}],"version-history":[{"count":4,"href":"https:\/\/www.lemanexpress.com\/en\/wp-json\/wp\/v2\/lex_activity\/605019\/revisions"}],"predecessor-version":[{"id":609698,"href":"https:\/\/www.lemanexpress.com\/en\/wp-json\/wp\/v2\/lex_activity\/605019\/revisions\/609698"}],"wp:featuredmedia":[{"embeddable":true,"href":"https:\/\/www.lemanexpress.com\/en\/wp-json\/wp\/v2\/media\/609699"}],"wp:attachment":[{"href":"https:\/\/www.lemanexpress.com\/en\/wp-json\/wp\/v2\/media?parent=605019"}],"wp:term":[{"taxonomy":"lex_activity_apidae_category","embeddable":true,"href":"https:\/\/www.lemanexpress.com\/en\/wp-json\/wp\/v2\/lex_activity_apidae_category?post=605019"},{"taxonomy":"lex_activity_category","embeddable":true,"href":"https:\/\/www.lemanexpress.com\/en\/wp-json\/wp\/v2\/lex_activity_category?post=605019"},{"taxonomy":"lex_activity_tag","embeddable":true,"href":"https:\/\/www.lemanexpress.com\/en\/wp-json\/wp\/v2\/lex_activity_tag?post=605019"}],"curies":[{"name":"wp","href":"https:\/\/api.w.org\/{rel}","templated":true}]}}