{"id":604880,"date":"2026-03-07T00:36:04","date_gmt":"2026-03-06T23:36:04","guid":{"rendered":"https:\/\/www.lemanexpress.com\/events\/opera-itinerant-de-lyon-le-sang-du-glacier\/"},"modified":"2026-03-07T00:36:04","modified_gmt":"2026-03-06T23:36:04","slug":"opera-itinerant-de-lyon-le-sang-du-glacier","status":"publish","type":"lex_activity","link":"https:\/\/www.lemanexpress.com\/en\/events\/opera-itinerant-de-lyon-le-sang-du-glacier\/","title":{"rendered":"Op\u00e9ra Itin\u00e9rant de Lyon &#8211; Le sang du glacier"},"content":{"rendered":"<p>Le Sang du glacier, est une commande de l\u2019Op\u00e9ra de Lyon \u00e0 l\u2019autrice Lucie V\u00e9rot Solaure, la compositrice Claire-M\u00e9lanie Sinnhuber et la metteuse en sc\u00e8ne Ang\u00e9lique Clairand.<br \/>\nApr\u00e8s sa cr\u00e9ation au Th\u00e9\u00e2tre du Point du Jour \u00e0 Lyon la saison derni\u00e8re et le succ\u00e8s d\u2019une premi\u00e8re itin\u00e9rance de neuf semaines de janvier \u00e0 mars 2025 dans les d\u00e9partements de l\u2019Allier, de la Loire, de l\u2019Ard\u00e8che, du Rh\u00f4ne, de la Dr\u00f4me et de l\u2019Ain, le camion Op\u00e9ra reprend la route pour faire d\u00e9couvrir dans d\u2019autres villes cette proposition artistique.<\/p>\n<p>Le dispositif<br \/>\nLe Sang du glacier sera jou\u00e9 dans un Camion-Op\u00e9ra. La structure du Camion-Op\u00e9ra est pour cela compos\u00e9e de trois modules adaptables : une sc\u00e8ne, des gradins et une extension en forme de chapiteau disposant d\u2019un espace d\u2019accueil pour le public. Chaque semaine, sur un territoire diff\u00e9rent d\u2019Auvergne-Rh\u00f4ne-Alpes, il s\u2019installera dans une ville ou un village. <\/p>\n<p>A Saint-Gervais, au coeur du village, sur la promenade du mont-blanc, le camion op\u00e9ra s&#8217;installe pour une semaine avec trois repr\u00e9sentations tout public en soir\u00e9e mais aussi des repr\u00e9sentations pour les scolaires du territoire. Des rencontres, \u00e9v\u00e9nements avec les artistes et les \u00e9quipes techniques animeront aussi cette semaine !<\/p>\n<p>Repr\u00e9sentations de l&#8217;Op\u00e9ra Le Sang du glacier tout public<br \/>\n           mardi 19 mai \u00e0 20h<br \/>\n           mercredi 20 mai \u00e0 20h<br \/>\n           jeudi 21 mai \u00e0 20h <\/p>\n<p>Le Sang du Glacier<br \/>\nUne forme lyrique et musicale intime, entre dystopie et conte fantastique, l\u2019op\u00e9ra Le Sang du glacier nous plonge dans un monde contemporain o\u00f9 la fonte des glaces lib\u00e8re des algues rouges qui en aval contaminent les eaux des fleuves.<br \/>\nC\u2019est aussi l\u2019histoire des retrouvailles d\u2019une famille d\u00e9boussol\u00e9e par des \u00e9v\u00e9nements qu\u2019elle ne contr\u00f4le plus dans cette grande histoire du climat et d\u2019humanit\u00e9 ; c\u2019est la qu\u00eate d\u2019une r\u00e9conciliation entre le pass\u00e9 et le pr\u00e9sent, entre nous et la plan\u00e8te.<\/p>\n<p>Op\u00e9ra en 1 acte<br \/>\nMusique de Claire-M\u00e9lanie Sinnhuber<br \/>\nLivret de Lucie V\u00e9rot Solaure<br \/>\nMise en sc\u00e8ne de Ang\u00e9lique Clairand<\/p>\n<p>Solistes : soprano et baryton<br \/>\nEnsemble instrumental : harpe, accord\u00e9on et violoncelle<\/p>\n<p>Commande de l\u2019Op\u00e9ra de Lyon, cr\u00e9ation mondiale 2024<br \/>\nProduction de l\u2019Op\u00e9ra de Lyon, en coproduction avec le Th\u00e9\u00e2tre du Point du Jour<br \/>\nPropos\u00e9 en partenariat avec la R\u00e9gion Auvergne-Rh\u00f4ne-Alpes<br \/>\nAvec le soutien du CIC Lyonnaise de Banque, la CNR, le Fonds de Cr\u00e9ation Lyrique et Copie Priv\u00e9e<\/p>\n<p>D\u00e8s 14 ans \u2013 dur\u00e9e 1h10 \u2013 en fran\u00e7ais<\/p>\n","protected":false},"excerpt":{"rendered":"<p>Pendant une semaine, l&#8217;Op\u00e9ra de Lyon s&#8217;installe au coeur du village de Saint-Gervais avec le dispositif du camion-op\u00e9ra et la pi\u00e8ce Le Sang du glacier.<\/p>\n","protected":false},"featured_media":604881,"menu_order":0,"template":"","lex_activity_apidae_category":[165],"lex_activity_category":[],"lex_activity_tag":[],"class_list":["post-604880","lex_activity","type-lex_activity","status-publish","has-post-thumbnail","hentry"],"acf":[],"publishpress_future_workflow_manual_trigger":{"enabledWorkflows":[]},"_links":{"self":[{"href":"https:\/\/www.lemanexpress.com\/en\/wp-json\/wp\/v2\/lex_activity\/604880","targetHints":{"allow":["GET"]}}],"collection":[{"href":"https:\/\/www.lemanexpress.com\/en\/wp-json\/wp\/v2\/lex_activity"}],"about":[{"href":"https:\/\/www.lemanexpress.com\/en\/wp-json\/wp\/v2\/types\/lex_activity"}],"version-history":[{"count":0,"href":"https:\/\/www.lemanexpress.com\/en\/wp-json\/wp\/v2\/lex_activity\/604880\/revisions"}],"wp:featuredmedia":[{"embeddable":true,"href":"https:\/\/www.lemanexpress.com\/en\/wp-json\/wp\/v2\/media\/604881"}],"wp:attachment":[{"href":"https:\/\/www.lemanexpress.com\/en\/wp-json\/wp\/v2\/media?parent=604880"}],"wp:term":[{"taxonomy":"lex_activity_apidae_category","embeddable":true,"href":"https:\/\/www.lemanexpress.com\/en\/wp-json\/wp\/v2\/lex_activity_apidae_category?post=604880"},{"taxonomy":"lex_activity_category","embeddable":true,"href":"https:\/\/www.lemanexpress.com\/en\/wp-json\/wp\/v2\/lex_activity_category?post=604880"},{"taxonomy":"lex_activity_tag","embeddable":true,"href":"https:\/\/www.lemanexpress.com\/en\/wp-json\/wp\/v2\/lex_activity_tag?post=604880"}],"curies":[{"name":"wp","href":"https:\/\/api.w.org\/{rel}","templated":true}]}}