{"id":604653,"date":"2026-03-05T00:34:56","date_gmt":"2026-03-04T23:34:56","guid":{"rendered":"https:\/\/www.lemanexpress.com\/events\/festival-parsi-parla\/"},"modified":"2026-04-24T01:31:57","modified_gmt":"2026-04-23T23:31:57","slug":"festival-parsi-parla","status":"publish","type":"lex_activity","link":"https:\/\/www.lemanexpress.com\/en\/events\/festival-parsi-parla\/","title":{"rendered":"Festival Parsi-Parla"},"content":{"rendered":"<p>Programmation :<br \/>\nVendredi 5 juin<br \/>\n19h30 &#8211; Fiona Sanjabi duo<br \/>\n20h50 &#8211; Hura<br \/>\n22h10 &#8211; Telli Turnalar<\/p>\n<p>Samedi 6 juin<br \/>\n 11h &#8211; Oriane Zerah \u2013 Photographie (Espace Enchant\u00e9, Yvoire)<br \/>\n12h &#8211; Hossein Rad et Mathieu Clavel(Espace Enchant\u00e9, Yvoire)<br \/>\n 18h30 &#8211; Ghawgha et Anja Lauvdal<br \/>\n 20h &#8211; Trio Merota<br \/>\n21h30 &#8211; Arshid Azarine Trio et N\u00faria Rovira Salat<br \/>\n23h &#8211; Nouchine<\/p>\n","protected":false},"excerpt":{"rendered":"<p>Festival de partage et de d\u00e9couverte autour de la culture persane m\u00ealant la musique \u00e0 la po\u00e9sie et \u00e0 la danse. Un environnement magique au bord du lac L\u00e9man pour rencontrer les artistes, une vibration universelle.<\/p>\n","protected":false},"featured_media":604654,"menu_order":0,"template":"","lex_activity_apidae_category":[92],"lex_activity_category":[],"lex_activity_tag":[],"class_list":["post-604653","lex_activity","type-lex_activity","status-publish","has-post-thumbnail","hentry"],"acf":[],"publishpress_future_workflow_manual_trigger":{"enabledWorkflows":[]},"_links":{"self":[{"href":"https:\/\/www.lemanexpress.com\/en\/wp-json\/wp\/v2\/lex_activity\/604653","targetHints":{"allow":["GET"]}}],"collection":[{"href":"https:\/\/www.lemanexpress.com\/en\/wp-json\/wp\/v2\/lex_activity"}],"about":[{"href":"https:\/\/www.lemanexpress.com\/en\/wp-json\/wp\/v2\/types\/lex_activity"}],"version-history":[{"count":1,"href":"https:\/\/www.lemanexpress.com\/en\/wp-json\/wp\/v2\/lex_activity\/604653\/revisions"}],"predecessor-version":[{"id":609288,"href":"https:\/\/www.lemanexpress.com\/en\/wp-json\/wp\/v2\/lex_activity\/604653\/revisions\/609288"}],"wp:featuredmedia":[{"embeddable":true,"href":"https:\/\/www.lemanexpress.com\/en\/wp-json\/wp\/v2\/media\/604654"}],"wp:attachment":[{"href":"https:\/\/www.lemanexpress.com\/en\/wp-json\/wp\/v2\/media?parent=604653"}],"wp:term":[{"taxonomy":"lex_activity_apidae_category","embeddable":true,"href":"https:\/\/www.lemanexpress.com\/en\/wp-json\/wp\/v2\/lex_activity_apidae_category?post=604653"},{"taxonomy":"lex_activity_category","embeddable":true,"href":"https:\/\/www.lemanexpress.com\/en\/wp-json\/wp\/v2\/lex_activity_category?post=604653"},{"taxonomy":"lex_activity_tag","embeddable":true,"href":"https:\/\/www.lemanexpress.com\/en\/wp-json\/wp\/v2\/lex_activity_tag?post=604653"}],"curies":[{"name":"wp","href":"https:\/\/api.w.org\/{rel}","templated":true}]}}