{"id":604334,"date":"2026-03-01T02:31:15","date_gmt":"2026-03-01T01:31:15","guid":{"rendered":"https:\/\/www.lemanexpress.com\/events\/concert-medine-acoustique-2\/"},"modified":"2026-03-01T02:31:15","modified_gmt":"2026-03-01T01:31:15","slug":"concert-medine-acoustique-2","status":"publish","type":"lex_activity","link":"https:\/\/www.lemanexpress.com\/en\/events\/concert-medine-acoustique-2\/","title":{"rendered":"Concert : M\u00e9dine acoustique #2"},"content":{"rendered":"<p>M\u00e9dine amorce une nouvelle \u00e9tape dans son parcours sc\u00e9nique avec une formule live repens\u00e9e et enrichie. Son r\u00e9pertoire sera revisit\u00e9 \u00e0 travers une \u00e9criture orchestrale in\u00e9dite, port\u00e9e par l\u2019arriv\u00e9e de musiciens \u00e0 cordes et de cuivres. Cette \u00e9volution musicale ouvrira de nouveaux espaces d\u2019expression, o\u00f9 la force du rap se m\u00ealera \u00e0 la finesse et \u00e0 la richesse du spectacle vivant.<br \/>\nPour donner vie \u00e0 ce projet, une r\u00e9sidence de cr\u00e9ation de deux semaines est programm\u00e9e au Ch\u00e2teau Rouge d\u2019Annemasse. Ce lieu charg\u00e9 d\u2019histoire accueillera les premi\u00e8res \u00e9bauches de cette rencontre entre les mots et les instruments, un laboratoire sc\u00e9nique o\u00f9 chaque arrangement, chaque intention, pourra trouver sa place et son souffle.<br \/>\nAu-del\u00e0 de l\u2019aspect musical, cette nouvelle formule s\u2019inscrit dans une volont\u00e9 de faire de la sc\u00e8ne un espace vivant et engag\u00e9, o\u00f9 la parole se porte haut, collective et vibrante, dans le respect du verbe et explorant de nouvelles formes d\u2019expression.<\/p>\n<p>Cette tourn\u00e9e est une tentative de fusion entre la puissance du rap et la d\u00e9licatesse du spectacle vivant, o\u00f9 chaque spectateur devient t\u00e9moin d\u2019une parole incarn\u00e9e. Un rendez-vous intime et immersif pour savourer la po\u00e9sie des textes et en partager l\u2019\u00e9motion.<\/p>\n","protected":false},"excerpt":{"rendered":"<p>En 2024, M\u00e9dine c\u00e9l\u00e9brait ses vingt ann\u00e9es de carri\u00e8re par une premi\u00e8re tourn\u00e9e acoustique. En 2026, il poursuit l\u2019aventure avec un nouveau spectacle, une relecture acoustique et orchestr\u00e9e de son r\u00e9pertoire<\/p>\n","protected":false},"featured_media":604335,"menu_order":0,"template":"","lex_activity_apidae_category":[78],"lex_activity_category":[],"lex_activity_tag":[],"class_list":["post-604334","lex_activity","type-lex_activity","status-publish","has-post-thumbnail","hentry"],"acf":[],"publishpress_future_workflow_manual_trigger":{"enabledWorkflows":[]},"_links":{"self":[{"href":"https:\/\/www.lemanexpress.com\/en\/wp-json\/wp\/v2\/lex_activity\/604334","targetHints":{"allow":["GET"]}}],"collection":[{"href":"https:\/\/www.lemanexpress.com\/en\/wp-json\/wp\/v2\/lex_activity"}],"about":[{"href":"https:\/\/www.lemanexpress.com\/en\/wp-json\/wp\/v2\/types\/lex_activity"}],"version-history":[{"count":0,"href":"https:\/\/www.lemanexpress.com\/en\/wp-json\/wp\/v2\/lex_activity\/604334\/revisions"}],"wp:featuredmedia":[{"embeddable":true,"href":"https:\/\/www.lemanexpress.com\/en\/wp-json\/wp\/v2\/media\/604335"}],"wp:attachment":[{"href":"https:\/\/www.lemanexpress.com\/en\/wp-json\/wp\/v2\/media?parent=604334"}],"wp:term":[{"taxonomy":"lex_activity_apidae_category","embeddable":true,"href":"https:\/\/www.lemanexpress.com\/en\/wp-json\/wp\/v2\/lex_activity_apidae_category?post=604334"},{"taxonomy":"lex_activity_category","embeddable":true,"href":"https:\/\/www.lemanexpress.com\/en\/wp-json\/wp\/v2\/lex_activity_category?post=604334"},{"taxonomy":"lex_activity_tag","embeddable":true,"href":"https:\/\/www.lemanexpress.com\/en\/wp-json\/wp\/v2\/lex_activity_tag?post=604334"}],"curies":[{"name":"wp","href":"https:\/\/api.w.org\/{rel}","templated":true}]}}