{"id":598210,"date":"2025-12-03T00:51:26","date_gmt":"2025-12-02T23:51:26","guid":{"rendered":"https:\/\/www.lemanexpress.com\/events\/exposition-la-face-cachee-du-mont-blanc-au-centre-culturel-de-la-gorge\/"},"modified":"2026-04-04T01:30:26","modified_gmt":"2026-04-03T23:30:26","slug":"exposition-la-face-cachee-du-mont-blanc-au-centre-culturel-de-la-gorge","status":"publish","type":"lex_activity","link":"https:\/\/www.lemanexpress.com\/en\/events\/exposition-la-face-cachee-du-mont-blanc-au-centre-culturel-de-la-gorge\/","title":{"rendered":"Exposition &#8220;M\u00e9moriElles &#8211; Regards crois\u00e9s sur l&#8217;Iran&#8221; au Centre Culturel de la Gorge"},"content":{"rendered":"<p>Il faudra respirer encore.<\/p>\n<p>En ce printemps 2026, regarder l\u2019Iran droit dans les yeux demande du cran. Le centre culturel de La Gorge le fait, avec une exposition programm\u00e9e 6 mois et dont chaque semaine qui passe \u00e9paissit l\u2019urgence. Armin Amirian a 30 ans, il est photographe, il est iranien. En 2020, alors que le monde entier se retrouvait confin\u00e9 au lendemain du Novembre sanglant de 2019 en Iran, il a commenc\u00e9 \u00e0 emprisonner des photographies dans des blocs de glace. <\/p>\n<p>Des portraits de femmes iraniennes d\u2019avant 1979, des cort\u00e8ges de mars 1979 o\u00f9 des milliers de femmes marchaient pour garder leurs droits, le drapeau au Lion et au Soleil interdit par le r\u00e9gime, le visage de Cyrus le Grand dont le cylindre reste la premi\u00e8re charte des droits<br \/>\nhumains connue, Ferdowsi qui a pass\u00e9 trente ans de sa vie \u00e0 sauver la langue persane de l\u2019oubli. Chaque image est prise dans un bloc translucide travers\u00e9 de bulles d\u2019air, comme une m\u00e9moire sous pression qui cherche encore de l&#8217;oxyg\u00e8ne.<\/p>\n<p>La s\u00e9rie s\u2019appelle hICEstory : l\u2019histoire fig\u00e9e dans la glace, parcourue de fissures intimes et collectives, \u00e0 la recherche de bulles de respiration. Deux photographes fran\u00e7ais entrent en r\u00e9sonance. \u00c0 la m\u00eame \u00e9poque, dans les ann\u00e9es 1960-70, Jacques Rouchon et Louis-Ren\u00e9 Astre photographiaient les femmes de Paris et de T\u00e9h\u00e9ran. Photographes de mode, ils<br \/>\ndocumentaient sans le savoir un monde sur le point de basculer : m\u00eames lumi\u00e8res, m\u00eames robes libres, m\u00eame insouciance devant l\u2019objectif, d\u2019un pays \u00e0 l\u2019autre. Expos\u00e9s face aux glaces d\u2019Amirian, leurs clich\u00e9s mesurent la distance exacte entre un avant et un apr\u00e8s, entre une libert\u00e9 v\u00e9cue et une libert\u00e9 confisqu\u00e9e.<\/p>\n<p>Le titre dit tout.  <\/p>\n<p>M\u00e9moriElles. M\u00e9moire au f\u00e9minin. Les femmes iraniennes traversent toute cette exposition : celles d\u2019avant la r\u00e9volution de 1979, celles qui ont march\u00e9 d\u00e8s le 8 mars de<br \/>\ncette m\u00eame ann\u00e9e, celles du mouvement Femme Vie Libert\u00e9 de 2022, celles d\u2019aujourd\u2019hui. Au pied du Mont-Blanc, \u00e0 5 000 kilom\u00e8tres de T\u00e9h\u00e9ran, leurs visages percent la glace. Il faudra respirer encore.<\/p>\n","protected":false},"excerpt":{"rendered":"<p>Cette exposition vous est propos\u00e9e dans le cadre du programme du centre culturel de Notre-Dame de la Gorge.<\/p>\n","protected":false},"featured_media":607451,"menu_order":0,"template":"","lex_activity_apidae_category":[],"lex_activity_category":[],"lex_activity_tag":[],"class_list":["post-598210","lex_activity","type-lex_activity","status-publish","has-post-thumbnail","hentry"],"acf":[],"publishpress_future_workflow_manual_trigger":{"enabledWorkflows":[]},"_links":{"self":[{"href":"https:\/\/www.lemanexpress.com\/en\/wp-json\/wp\/v2\/lex_activity\/598210","targetHints":{"allow":["GET"]}}],"collection":[{"href":"https:\/\/www.lemanexpress.com\/en\/wp-json\/wp\/v2\/lex_activity"}],"about":[{"href":"https:\/\/www.lemanexpress.com\/en\/wp-json\/wp\/v2\/types\/lex_activity"}],"version-history":[{"count":3,"href":"https:\/\/www.lemanexpress.com\/en\/wp-json\/wp\/v2\/lex_activity\/598210\/revisions"}],"predecessor-version":[{"id":607541,"href":"https:\/\/www.lemanexpress.com\/en\/wp-json\/wp\/v2\/lex_activity\/598210\/revisions\/607541"}],"wp:featuredmedia":[{"embeddable":true,"href":"https:\/\/www.lemanexpress.com\/en\/wp-json\/wp\/v2\/media\/607451"}],"wp:attachment":[{"href":"https:\/\/www.lemanexpress.com\/en\/wp-json\/wp\/v2\/media?parent=598210"}],"wp:term":[{"taxonomy":"lex_activity_apidae_category","embeddable":true,"href":"https:\/\/www.lemanexpress.com\/en\/wp-json\/wp\/v2\/lex_activity_apidae_category?post=598210"},{"taxonomy":"lex_activity_category","embeddable":true,"href":"https:\/\/www.lemanexpress.com\/en\/wp-json\/wp\/v2\/lex_activity_category?post=598210"},{"taxonomy":"lex_activity_tag","embeddable":true,"href":"https:\/\/www.lemanexpress.com\/en\/wp-json\/wp\/v2\/lex_activity_tag?post=598210"}],"curies":[{"name":"wp","href":"https:\/\/api.w.org\/{rel}","templated":true}]}}