{"id":26860,"date":"2023-02-11T00:30:24","date_gmt":"2023-02-10T23:30:24","guid":{"rendered":"https:\/\/www.lemanexpress.com\/events\/micro-folies-musee-numerique\/"},"modified":"2026-01-31T00:46:58","modified_gmt":"2026-01-30T23:46:58","slug":"micro-folies-musee-numerique","status":"publish","type":"lex_activity","link":"https:\/\/www.lemanexpress.com\/en\/events\/micro-folies-musee-numerique\/","title":{"rendered":"Micro-Folie : Atelier &#8220;Vague en vogue&#8221;"},"content":{"rendered":"<p>Auditorium<\/p>\n<p>\u00ab Entre mer et lumi\u00e8re, un voyage \u00e0 la d\u00e9couverte du patrimoine maritime breton. \u00bb<\/p>\n<p>Plongez au c\u0153ur du littoral breton avec la Projection MF \u201cPhare et bateaux de Bretagne\u201d, issue de la Collection Bretagne. Cet \u00e9v\u00e9nement met \u00e0 l\u2019honneur l\u2019histoire de la navigation et des phares, t\u00e9moins pr\u00e9cieux du lien ind\u00e9fectible entre la mer et les hommes.<\/p>\n<p>\u00c0 travers maquettes, photographies et peintures, la projection invite \u00e0 explorer les diff\u00e9rents modes de navigation en Bretagne depuis le XVII\u1d49 si\u00e8cle. Parmi les \u0153uvres pr\u00e9sent\u00e9es, le phare du Cr\u00e9ac\u2019h, figure embl\u00e9matique du Finist\u00e8re, rappelle la fragilit\u00e9 de ces gardiens de lumi\u00e8re aujourd\u2019hui menac\u00e9s de disparition dans leur r\u00f4le premier de rep\u00e8res vitaux pour marins, p\u00eacheurs et plaisanciers.<\/p>\n<p>La s\u00e9ance se poursuivra par un atelier cr\u00e9atif \u201cCarte pop-up \u2013 Vague en vogue\u201d, une occasion originale et conviviale de donner vie \u00e0 votre propre interpr\u00e9tation du th\u00e8me maritime \u00e0 partir des collections pr\u00e9sent\u00e9es.<\/p>\n<p>Entre patrimoine, cr\u00e9ation et d\u00e9couverte, cet \u00e9v\u00e9nement vous invite \u00e0 lever l\u2019ancre pour un voyage artistique au large des c\u00f4tes bretonnes.<\/p>\n<p>Libre et sans r\u00e9servation dans la limite des places disponibles.<br \/>\nTous publics d\u00e8s 7 ans. Atelier ouvert aux adultes<\/p>\n","protected":false},"excerpt":{"rendered":"<p>Red\u00e9couvrez le patrimoine nautique de la Bretagne \u00e0 travers une projection et un atelier cr\u00e9atif.<\/p>\n","protected":false},"featured_media":596545,"menu_order":0,"template":"","lex_activity_apidae_category":[82],"lex_activity_category":[],"lex_activity_tag":[],"class_list":["post-26860","lex_activity","type-lex_activity","status-publish","has-post-thumbnail","hentry"],"acf":[],"publishpress_future_workflow_manual_trigger":{"enabledWorkflows":[]},"_links":{"self":[{"href":"https:\/\/www.lemanexpress.com\/en\/wp-json\/wp\/v2\/lex_activity\/26860","targetHints":{"allow":["GET"]}}],"collection":[{"href":"https:\/\/www.lemanexpress.com\/en\/wp-json\/wp\/v2\/lex_activity"}],"about":[{"href":"https:\/\/www.lemanexpress.com\/en\/wp-json\/wp\/v2\/types\/lex_activity"}],"version-history":[{"count":2,"href":"https:\/\/www.lemanexpress.com\/en\/wp-json\/wp\/v2\/lex_activity\/26860\/revisions"}],"predecessor-version":[{"id":601511,"href":"https:\/\/www.lemanexpress.com\/en\/wp-json\/wp\/v2\/lex_activity\/26860\/revisions\/601511"}],"wp:featuredmedia":[{"embeddable":true,"href":"https:\/\/www.lemanexpress.com\/en\/wp-json\/wp\/v2\/media\/596545"}],"wp:attachment":[{"href":"https:\/\/www.lemanexpress.com\/en\/wp-json\/wp\/v2\/media?parent=26860"}],"wp:term":[{"taxonomy":"lex_activity_apidae_category","embeddable":true,"href":"https:\/\/www.lemanexpress.com\/en\/wp-json\/wp\/v2\/lex_activity_apidae_category?post=26860"},{"taxonomy":"lex_activity_category","embeddable":true,"href":"https:\/\/www.lemanexpress.com\/en\/wp-json\/wp\/v2\/lex_activity_category?post=26860"},{"taxonomy":"lex_activity_tag","embeddable":true,"href":"https:\/\/www.lemanexpress.com\/en\/wp-json\/wp\/v2\/lex_activity_tag?post=26860"}],"curies":[{"name":"wp","href":"https:\/\/api.w.org\/{rel}","templated":true}]}}