{"id":609438,"date":"2026-04-25T01:31:17","date_gmt":"2026-04-24T23:31:17","guid":{"rendered":"https:\/\/www.lemanexpress.com\/events\/fete-de-la-nature-les-abeilles-ces-merveilles\/"},"modified":"2026-04-25T01:31:17","modified_gmt":"2026-04-24T23:31:17","slug":"fete-de-la-nature-les-abeilles-ces-merveilles","status":"publish","type":"lex_activity","link":"https:\/\/www.lemanexpress.com\/de\/events\/fete-de-la-nature-les-abeilles-ces-merveilles\/","title":{"rendered":"F\u00eate de la nature : les abeilles, ces merveilles !"},"content":{"rendered":"<p>La F\u00eate de la Nature, c\u2019est cinq jours de manifestations gratuites pour permettre \u00e0 tous les publics de vivre une exp\u00e9rience au contact de la nature. Et c\u2019est tous les ans, au mois de mai !<br \/>\nPour la 4e fois, et gr\u00e2ce au soutien financier du Fonds de dotation Eug\u00e8ne et Marie Fournier, la CCVT porte haut les couleurs de cette 20e \u00e9dition nationale, avec l\u2019objectif de partager avec le plus grand nombre ses connaissances en la mati\u00e8re, et de mettre \u00e0 l\u2019honneur la biodiversit\u00e9 du territoire pour donner envie de la respecter et de la favoriser.<\/p>\n","protected":false},"excerpt":{"rendered":"<p>Un atelier pour d\u00e9couvrir les abeilles, leur r\u00f4le dans l\u2019\u00e9quilibre de l\u2019\u00e9cosyst\u00e8me local et pourquoi pas, vous donner envie d&#8217;en accueillir.<br \/>\nAnimation par un apiculteur local, Lucas Pagnod. Atelier r\u00e9serv\u00e9 aux adultes en salle ou ext\u00e9rieur selon la m\u00e9t\u00e9o.<\/p>\n","protected":false},"featured_media":609439,"menu_order":0,"template":"","lex_activity_apidae_category":[85],"lex_activity_category":[],"lex_activity_tag":[],"class_list":["post-609438","lex_activity","type-lex_activity","status-publish","has-post-thumbnail","hentry"],"acf":[],"publishpress_future_workflow_manual_trigger":{"enabledWorkflows":[]},"_links":{"self":[{"href":"https:\/\/www.lemanexpress.com\/de\/wp-json\/wp\/v2\/lex_activity\/609438","targetHints":{"allow":["GET"]}}],"collection":[{"href":"https:\/\/www.lemanexpress.com\/de\/wp-json\/wp\/v2\/lex_activity"}],"about":[{"href":"https:\/\/www.lemanexpress.com\/de\/wp-json\/wp\/v2\/types\/lex_activity"}],"version-history":[{"count":0,"href":"https:\/\/www.lemanexpress.com\/de\/wp-json\/wp\/v2\/lex_activity\/609438\/revisions"}],"wp:featuredmedia":[{"embeddable":true,"href":"https:\/\/www.lemanexpress.com\/de\/wp-json\/wp\/v2\/media\/609439"}],"wp:attachment":[{"href":"https:\/\/www.lemanexpress.com\/de\/wp-json\/wp\/v2\/media?parent=609438"}],"wp:term":[{"taxonomy":"lex_activity_apidae_category","embeddable":true,"href":"https:\/\/www.lemanexpress.com\/de\/wp-json\/wp\/v2\/lex_activity_apidae_category?post=609438"},{"taxonomy":"lex_activity_category","embeddable":true,"href":"https:\/\/www.lemanexpress.com\/de\/wp-json\/wp\/v2\/lex_activity_category?post=609438"},{"taxonomy":"lex_activity_tag","embeddable":true,"href":"https:\/\/www.lemanexpress.com\/de\/wp-json\/wp\/v2\/lex_activity_tag?post=609438"}],"curies":[{"name":"wp","href":"https:\/\/api.w.org\/{rel}","templated":true}]}}