{"id":608700,"date":"2026-04-18T01:31:15","date_gmt":"2026-04-17T23:31:15","guid":{"rendered":"https:\/\/www.lemanexpress.com\/events\/festival-baroque-concert-a-passy\/"},"modified":"2026-04-18T01:31:15","modified_gmt":"2026-04-17T23:31:15","slug":"festival-baroque-concert-a-passy","status":"publish","type":"lex_activity","link":"https:\/\/www.lemanexpress.com\/de\/events\/festival-baroque-concert-a-passy\/","title":{"rendered":"Festival Baroque &#8211; Concert \u00e0 Passy"},"content":{"rendered":"<p>\u201cSaveurs Baroques\u201d<br \/>\nPour sa 28e \u00e9dition, le Festival Baroque au Pays du Mont-Blanc prend des atours festifs et p\u00e9tillants ! Les saveurs europ\u00e9ennes baroques sont \u00e0 l\u2019honneur, le programme ne manquera pas de mettre en joie tout \u00e0 la fois les papilles gustatives, auditives et visuelles ! En suivant le fil d\u2019un grand banquet, vous vivrez des exp\u00e9riences atypiques, toujours dans un environnement somptueux. Nous vous inviterons m\u00eame \u00e0 table, pour un caf\u00e9-concert gourmand et lors d\u2019un concert-d\u00e9gustation. Nous vous emm\u00e8nerons en plein air aussi, l\u00e0 o\u00f9 la nature montagnarde \u00e9merveille, et, bien s\u00fbr, dans les joyaux que sont les \u00e9glises baroques au Pays du Mont-Blanc. En guise de mise en bouche, avant les concerts, les causeries sauront \u00e9veiller votre app\u00e9tit gr\u00e2ce \u00e0 des rencontres avec des artistes passionn\u00e9s et passionnants.<\/p>\n<p>Bienvenue dans le monde baroque o\u00f9 les influences vari\u00e9es se croisent pour relever les mets comme les compositions, et comptez sur les chefs \u00e9toil\u00e9s que sont les musiciens, pour faire r\u00e9sonner les morceaux de choix avec le plus grand des raffinements.<\/p>\n<p>A votre sant\u00e9, et bonne d\u00e9gustation !<\/p>\n","protected":false},"excerpt":{"rendered":"<p>Stradella, bad boy du baroque<br \/>\nDanilo Pastore (contre-t\u00e9nor) et Mare Nostrum, Andrea de Carlo (direction)<\/p>\n","protected":false},"featured_media":608701,"menu_order":0,"template":"","lex_activity_apidae_category":[78,92],"lex_activity_category":[],"lex_activity_tag":[],"class_list":["post-608700","lex_activity","type-lex_activity","status-publish","has-post-thumbnail","hentry"],"acf":[],"publishpress_future_workflow_manual_trigger":{"enabledWorkflows":[]},"_links":{"self":[{"href":"https:\/\/www.lemanexpress.com\/de\/wp-json\/wp\/v2\/lex_activity\/608700","targetHints":{"allow":["GET"]}}],"collection":[{"href":"https:\/\/www.lemanexpress.com\/de\/wp-json\/wp\/v2\/lex_activity"}],"about":[{"href":"https:\/\/www.lemanexpress.com\/de\/wp-json\/wp\/v2\/types\/lex_activity"}],"version-history":[{"count":0,"href":"https:\/\/www.lemanexpress.com\/de\/wp-json\/wp\/v2\/lex_activity\/608700\/revisions"}],"wp:featuredmedia":[{"embeddable":true,"href":"https:\/\/www.lemanexpress.com\/de\/wp-json\/wp\/v2\/media\/608701"}],"wp:attachment":[{"href":"https:\/\/www.lemanexpress.com\/de\/wp-json\/wp\/v2\/media?parent=608700"}],"wp:term":[{"taxonomy":"lex_activity_apidae_category","embeddable":true,"href":"https:\/\/www.lemanexpress.com\/de\/wp-json\/wp\/v2\/lex_activity_apidae_category?post=608700"},{"taxonomy":"lex_activity_category","embeddable":true,"href":"https:\/\/www.lemanexpress.com\/de\/wp-json\/wp\/v2\/lex_activity_category?post=608700"},{"taxonomy":"lex_activity_tag","embeddable":true,"href":"https:\/\/www.lemanexpress.com\/de\/wp-json\/wp\/v2\/lex_activity_tag?post=608700"}],"curies":[{"name":"wp","href":"https:\/\/api.w.org\/{rel}","templated":true}]}}