{"id":608553,"date":"2026-04-17T01:30:11","date_gmt":"2026-04-16T23:30:11","guid":{"rendered":"https:\/\/www.lemanexpress.com\/events\/la-cyclo-jpp-neuf-de-coeur\/"},"modified":"2026-04-17T01:30:11","modified_gmt":"2026-04-16T23:30:11","slug":"la-cyclo-jpp-neuf-de-coeur","status":"publish","type":"lex_activity","link":"https:\/\/www.lemanexpress.com\/de\/events\/la-cyclo-jpp-neuf-de-coeur\/","title":{"rendered":"La Cyclo JPP &#8211; Neuf de Coeur"},"content":{"rendered":"<p>Cet \u00e9v\u00e9nement s\u2019inscrit comme un incontournable pour la station des Carroz. Cette 17\u00e8me \u00e9dition s\u2019annonce exceptionnelle avec des nouveaux parcours et une organisation toujours plus s\u00e9curis\u00e9e.<\/p>\n<p>Les b\u00e9n\u00e9fices de la cyclosportive sont int\u00e9gralement revers\u00e9s \u00e0 Neuf de Coeur pour soutenir les enfants atteints de l\u00e9sions c\u00e9r\u00e9brales. En 2023, un ch\u00e8que de 59459 euros \u00e9tait restitu\u00e9 en soutien aux actions port\u00e9es par l\u2019association (recherche, r\u00e9\u00e9ducation, soutien financier, traitements disponibles, etc.).<\/p>\n<p>Chaque parcours de cette Cyclo JPP 2026 s\u2019annonce \u00eatre un beau d\u00e9fi sportif :<\/p>\n<p>3 parcours seront cette ann\u00e9e propos\u00e9s, avec un retour sur les cols de la vall\u00e9e verte.<\/p>\n<p>Amateurs de v\u00e9los \u00e9lectriques, le petit parcours est pour vous ! (non chronom\u00e9tr\u00e9)<\/p>\n<p>Tous les amoureux de la Petite Reine sont appel\u00e9s \u00e0 rejoindre l\u2019aventure et le d\u00e9part !<\/p>\n<p>Inscriptions 2026 exclusivement en ligne :  https:\/\/in.njuko.com\/cyclosportive-jpp-neuf-de-coeur-2026<\/p>\n<p>Retrait des plaques\/dossards et inscriptions de derni\u00e8re minute, \u00e0 Cluses :<br \/>\n&#8211; le samedi 04 juillet, de 10h \u00e0 17h.<br \/>\n&#8211; le dimanche 05 juillet, de 6h30 \u00e0 7h30.<br \/>\nN&#8217;h\u00e9sitez pas \u00e0 anticiper afin d&#8217;\u00e9viter le stress de l&#8217;avant course le jour J.<\/p>\n","protected":false},"excerpt":{"rendered":"<p>La beaut\u00e9 des cols Alpins, l\u2019engagement sportif et personnel, le partage avec Jean-Pierre Papin, une belle cause, la convivialit\u00e9\u2026 C\u2019est encore et toujours l\u2019ADN de la Cyclo JPP Neuf de Coeur, pr\u00e9vue le dimanche 05 juillet 2026.<\/p>\n","protected":false},"featured_media":608554,"menu_order":0,"template":"","lex_activity_apidae_category":[108],"lex_activity_category":[],"lex_activity_tag":[],"class_list":["post-608553","lex_activity","type-lex_activity","status-publish","has-post-thumbnail","hentry"],"acf":[],"publishpress_future_workflow_manual_trigger":{"enabledWorkflows":[]},"_links":{"self":[{"href":"https:\/\/www.lemanexpress.com\/de\/wp-json\/wp\/v2\/lex_activity\/608553","targetHints":{"allow":["GET"]}}],"collection":[{"href":"https:\/\/www.lemanexpress.com\/de\/wp-json\/wp\/v2\/lex_activity"}],"about":[{"href":"https:\/\/www.lemanexpress.com\/de\/wp-json\/wp\/v2\/types\/lex_activity"}],"version-history":[{"count":0,"href":"https:\/\/www.lemanexpress.com\/de\/wp-json\/wp\/v2\/lex_activity\/608553\/revisions"}],"wp:featuredmedia":[{"embeddable":true,"href":"https:\/\/www.lemanexpress.com\/de\/wp-json\/wp\/v2\/media\/608554"}],"wp:attachment":[{"href":"https:\/\/www.lemanexpress.com\/de\/wp-json\/wp\/v2\/media?parent=608553"}],"wp:term":[{"taxonomy":"lex_activity_apidae_category","embeddable":true,"href":"https:\/\/www.lemanexpress.com\/de\/wp-json\/wp\/v2\/lex_activity_apidae_category?post=608553"},{"taxonomy":"lex_activity_category","embeddable":true,"href":"https:\/\/www.lemanexpress.com\/de\/wp-json\/wp\/v2\/lex_activity_category?post=608553"},{"taxonomy":"lex_activity_tag","embeddable":true,"href":"https:\/\/www.lemanexpress.com\/de\/wp-json\/wp\/v2\/lex_activity_tag?post=608553"}],"curies":[{"name":"wp","href":"https:\/\/api.w.org\/{rel}","templated":true}]}}