{"id":608529,"date":"2026-04-16T01:32:58","date_gmt":"2026-04-15T23:32:58","guid":{"rendered":"https:\/\/www.lemanexpress.com\/events\/stabat-mater-28e-festival-baroque\/"},"modified":"2026-04-16T01:32:58","modified_gmt":"2026-04-15T23:32:58","slug":"stabat-mater-28e-festival-baroque","status":"publish","type":"lex_activity","link":"https:\/\/www.lemanexpress.com\/de\/events\/stabat-mater-28e-festival-baroque\/","title":{"rendered":"Stabat Mater &#8211; 28e festival baroque"},"content":{"rendered":"","protected":false},"excerpt":{"rendered":"<p>Le concert Stabat Mater r\u00e9unit L\u2019Hostel-Dieu et La Camera delle Lacrime autour du Stabat Mater de Antonio Vivaldi, mis en regard avec des chants m\u00e9di\u00e9vaux d\u00e9di\u00e9s \u00e0 la Vierge Marie. Un dialogue sensible entre musique baroque et traditions m\u00e9di\u00e9vales.<\/p>\n","protected":false},"featured_media":608530,"menu_order":0,"template":"","lex_activity_apidae_category":[78],"lex_activity_category":[],"lex_activity_tag":[],"class_list":["post-608529","lex_activity","type-lex_activity","status-publish","has-post-thumbnail","hentry"],"acf":[],"publishpress_future_workflow_manual_trigger":{"enabledWorkflows":[]},"_links":{"self":[{"href":"https:\/\/www.lemanexpress.com\/de\/wp-json\/wp\/v2\/lex_activity\/608529","targetHints":{"allow":["GET"]}}],"collection":[{"href":"https:\/\/www.lemanexpress.com\/de\/wp-json\/wp\/v2\/lex_activity"}],"about":[{"href":"https:\/\/www.lemanexpress.com\/de\/wp-json\/wp\/v2\/types\/lex_activity"}],"version-history":[{"count":0,"href":"https:\/\/www.lemanexpress.com\/de\/wp-json\/wp\/v2\/lex_activity\/608529\/revisions"}],"wp:featuredmedia":[{"embeddable":true,"href":"https:\/\/www.lemanexpress.com\/de\/wp-json\/wp\/v2\/media\/608530"}],"wp:attachment":[{"href":"https:\/\/www.lemanexpress.com\/de\/wp-json\/wp\/v2\/media?parent=608529"}],"wp:term":[{"taxonomy":"lex_activity_apidae_category","embeddable":true,"href":"https:\/\/www.lemanexpress.com\/de\/wp-json\/wp\/v2\/lex_activity_apidae_category?post=608529"},{"taxonomy":"lex_activity_category","embeddable":true,"href":"https:\/\/www.lemanexpress.com\/de\/wp-json\/wp\/v2\/lex_activity_category?post=608529"},{"taxonomy":"lex_activity_tag","embeddable":true,"href":"https:\/\/www.lemanexpress.com\/de\/wp-json\/wp\/v2\/lex_activity_tag?post=608529"}],"curies":[{"name":"wp","href":"https:\/\/api.w.org\/{rel}","templated":true}]}}