{"id":608486,"date":"2026-04-16T01:32:10","date_gmt":"2026-04-15T23:32:10","guid":{"rendered":"https:\/\/www.lemanexpress.com\/events\/la-marche-du-temps-profond\/"},"modified":"2026-04-16T01:32:10","modified_gmt":"2026-04-15T23:32:10","slug":"la-marche-du-temps-profond","status":"publish","type":"lex_activity","link":"https:\/\/www.lemanexpress.com\/de\/events\/la-marche-du-temps-profond\/","title":{"rendered":"La marche du temps profond"},"content":{"rendered":"<p>Marche-conf\u00e9rence autour de l\u2019histoire du vivant<\/p>\n<p>Connaissez-vous le concept de \u00ab marche du temps profond \u00bb ? Nous parcourons physiquement les 4,6 milliards d\u2019ann\u00e9es d\u2019histoire de notre plan\u00e8te. Depuis la formation de la Terre \u00e0 notre point de d\u00e9part, chaque pas nous rapproche d\u2019un million d\u2019ann\u00e9es du temps pr\u00e9sent.<\/p>\n<p>Tout au long de cette marche de 2,3 km, nous faisons des arr\u00eats pour comprendre les grandes \u00e9tapes de l\u2019\u00e9volution de la vie sur Terre. Chaque arr\u00eat est l\u2019occasion d\u2019un \u00e9clairage scientifique, mais aussi d\u2019une prise de recul \u00ab m\u00e9taphysique \u00bb sur cette grande aventure du vivant. Plus nous nous rapprochons du temps pr\u00e9sent, plus le Mont-Blanc \u00e9merge et plus nous faisons r\u00e9f\u00e9rence \u00e0 notre territoire.<\/p>\n<p>Une marche anim\u00e9e par Ir\u00e8ne Alvarez, accompagnatrice en montagne, engag\u00e9e pour une \u00e9cologie profonde, fondatrice d\u2019Immersion Montagne et  ancienne co-directrice du CREA Mont-Blanc.<\/p>\n<p>Rendez-vous devant les Tennis de Chamonix, lundi 8 juin \u00e0 18h.<\/p>\n","protected":false},"excerpt":{"rendered":"<p>Connaissez-vous la \u00ab marche du temps profond \u00bb ? Nous parcourons physiquement les 4,6 milliards d\u2019ann\u00e9es d\u2019histoire de la plan\u00e8te. Chaque arr\u00eat est l\u2019occasion d\u2019un \u00e9clairage scientifique, et  d\u2019une prise de recul \u00ab m\u00e9taphysique \u00bb sur l&#8217;aventure du vivant.<\/p>\n","protected":false},"featured_media":608487,"menu_order":0,"template":"","lex_activity_apidae_category":[90],"lex_activity_category":[],"lex_activity_tag":[],"class_list":["post-608486","lex_activity","type-lex_activity","status-publish","has-post-thumbnail","hentry"],"acf":[],"publishpress_future_workflow_manual_trigger":{"enabledWorkflows":[]},"_links":{"self":[{"href":"https:\/\/www.lemanexpress.com\/de\/wp-json\/wp\/v2\/lex_activity\/608486","targetHints":{"allow":["GET"]}}],"collection":[{"href":"https:\/\/www.lemanexpress.com\/de\/wp-json\/wp\/v2\/lex_activity"}],"about":[{"href":"https:\/\/www.lemanexpress.com\/de\/wp-json\/wp\/v2\/types\/lex_activity"}],"version-history":[{"count":0,"href":"https:\/\/www.lemanexpress.com\/de\/wp-json\/wp\/v2\/lex_activity\/608486\/revisions"}],"wp:featuredmedia":[{"embeddable":true,"href":"https:\/\/www.lemanexpress.com\/de\/wp-json\/wp\/v2\/media\/608487"}],"wp:attachment":[{"href":"https:\/\/www.lemanexpress.com\/de\/wp-json\/wp\/v2\/media?parent=608486"}],"wp:term":[{"taxonomy":"lex_activity_apidae_category","embeddable":true,"href":"https:\/\/www.lemanexpress.com\/de\/wp-json\/wp\/v2\/lex_activity_apidae_category?post=608486"},{"taxonomy":"lex_activity_category","embeddable":true,"href":"https:\/\/www.lemanexpress.com\/de\/wp-json\/wp\/v2\/lex_activity_category?post=608486"},{"taxonomy":"lex_activity_tag","embeddable":true,"href":"https:\/\/www.lemanexpress.com\/de\/wp-json\/wp\/v2\/lex_activity_tag?post=608486"}],"curies":[{"name":"wp","href":"https:\/\/api.w.org\/{rel}","templated":true}]}}