{"id":608145,"date":"2026-04-11T01:32:09","date_gmt":"2026-04-10T23:32:09","guid":{"rendered":"https:\/\/www.lemanexpress.com\/events\/exposition-metamorphoses-du-regard-les-alpes-magnifiees\/"},"modified":"2026-04-11T01:32:09","modified_gmt":"2026-04-10T23:32:09","slug":"exposition-metamorphoses-du-regard-les-alpes-magnifiees","status":"publish","type":"lex_activity","link":"https:\/\/www.lemanexpress.com\/de\/events\/exposition-metamorphoses-du-regard-les-alpes-magnifiees\/","title":{"rendered":"Exposition : M\u00e9tamorphoses du regard, les Alpes magnifi\u00e9es"},"content":{"rendered":"<p>Les premi\u00e8res repr\u00e9sentations, \u00e0 la fois scientifiques et esth\u00e9tiques, contribuent \u00e0 rendre visible ces \u00e9volutions, qui ont impos\u00e9 aux soci\u00e9t\u00e9s montagnardes une capacit\u00e9 d\u2019adaptation pour composer avec un environnement rude, contraignant et risqu\u00e9. Avec l\u2019essor du tourisme aux 19e si\u00e8cle, de nouvelles images \u00e9mergent : h\u00f4tels et infrastructures s\u2019int\u00e8grent d\u00e9sormais au paysage. Le parcours est enrichi par une approche scientifique multidisciplinaire associant l\u2019arch\u00e9ologie de montagne et l\u2019inventaire du patrimoine b\u00e2ti.<br \/>\nL&#8217;exposition s&#8217;inscrit dans le projet europ\u00e9en Alcotra DAHU qui r\u00e9unit\u00a0la Communaut\u00e9 de communes de la Vall\u00e9e de Chamonix Mont-Blanc, le D\u00e9partement de la Haute-Savoie, la R\u00e9gion autonome Vall\u00e9e d\u2019Aoste, la Commune d\u2019Issime et l\u2019Associazione Forte di Bard.<\/p>\n","protected":false},"excerpt":{"rendered":"<p>Dans le contexte d&#8217;un r\u00e9chauffement climatique d&#8217;origine anthropique de plus de en plus perceptible dans les Alpes, l\u2019exposition apporte un \u00e9clairage artistique sur les transformations du paysage du Mont-Blanc depuis le 18e si\u00e8cle.<\/p>\n","protected":false},"featured_media":608146,"menu_order":0,"template":"","lex_activity_apidae_category":[79],"lex_activity_category":[],"lex_activity_tag":[],"class_list":["post-608145","lex_activity","type-lex_activity","status-publish","has-post-thumbnail","hentry"],"acf":[],"publishpress_future_workflow_manual_trigger":{"enabledWorkflows":[]},"_links":{"self":[{"href":"https:\/\/www.lemanexpress.com\/de\/wp-json\/wp\/v2\/lex_activity\/608145","targetHints":{"allow":["GET"]}}],"collection":[{"href":"https:\/\/www.lemanexpress.com\/de\/wp-json\/wp\/v2\/lex_activity"}],"about":[{"href":"https:\/\/www.lemanexpress.com\/de\/wp-json\/wp\/v2\/types\/lex_activity"}],"version-history":[{"count":0,"href":"https:\/\/www.lemanexpress.com\/de\/wp-json\/wp\/v2\/lex_activity\/608145\/revisions"}],"wp:featuredmedia":[{"embeddable":true,"href":"https:\/\/www.lemanexpress.com\/de\/wp-json\/wp\/v2\/media\/608146"}],"wp:attachment":[{"href":"https:\/\/www.lemanexpress.com\/de\/wp-json\/wp\/v2\/media?parent=608145"}],"wp:term":[{"taxonomy":"lex_activity_apidae_category","embeddable":true,"href":"https:\/\/www.lemanexpress.com\/de\/wp-json\/wp\/v2\/lex_activity_apidae_category?post=608145"},{"taxonomy":"lex_activity_category","embeddable":true,"href":"https:\/\/www.lemanexpress.com\/de\/wp-json\/wp\/v2\/lex_activity_category?post=608145"},{"taxonomy":"lex_activity_tag","embeddable":true,"href":"https:\/\/www.lemanexpress.com\/de\/wp-json\/wp\/v2\/lex_activity_tag?post=608145"}],"curies":[{"name":"wp","href":"https:\/\/api.w.org\/{rel}","templated":true}]}}