{"id":604407,"date":"2026-03-03T00:33:02","date_gmt":"2026-03-02T23:33:02","guid":{"rendered":"https:\/\/www.lemanexpress.com\/events\/exposition-trajectoires-design-graphique-et-causes-communes-realisee-par-les-etudiant-e-s-de-lecole-brassart\/"},"modified":"2026-03-03T00:33:02","modified_gmt":"2026-03-02T23:33:02","slug":"exposition-trajectoires-design-graphique-et-causes-communes-realisee-par-les-etudiant-e-s-de-lecole-brassart","status":"publish","type":"lex_activity","link":"https:\/\/www.lemanexpress.com\/de\/events\/exposition-trajectoires-design-graphique-et-causes-communes-realisee-par-les-etudiant-e-s-de-lecole-brassart\/","title":{"rendered":"Exposition : Trajectoires &#8211; Design graphique et causes communes, r\u00e9alis\u00e9e par les \u00e9tudiant.e.s de l\u2019Ecole Brassart"},"content":{"rendered":"<p>Dans beaucoup de ses manifestations, le design graphique t\u00e9moigne et d\u00e9nonce les fragilit\u00e9s de nos soci\u00e9t\u00e9s. Il devient un message, un vecteur, une c\u00e9sure dans les flux du visible o\u00f9 peuvent affleurer les possibles de nouvelles mani\u00e8res de sentir et de se lier, mais aussi de consommer, de prendre soin ou de refuser.  Ces postures, m\u00eames exploratoires ou inachev\u00e9es, donnent alors au design graphique l\u2019\u00abambition probl\u00e9matique d\u2019am\u00e9liorer l\u2019habitabilit\u00e9 du monde.\u00bb (Pauline Gourlet)<\/p>\n<p>Cette exposition, qui rassemble les travaux des \u00e9tudiant.e.s et alumni de l\u2019\u00e9cole Brassart d\u2019Annecy, a d\u2019abord souhait\u00e9 cr\u00e9er des trajectoires visuelles en \u00e9cho aux trajectoires de vies singuli\u00e8res qui constitu\u00e8rent les inspirations premi\u00e8res. Elle s\u2019est ouverte ensuite \u00e0 d\u2019autres formes d\u2019engagement, se ramifiant puis s\u2019augmentant des contributions des arts graphiques et de l\u2019illustration. De l\u2019\u00e9cologie aux in\u00e9galit\u00e9s sociales en passant par le quotidien et les repr\u00e9sentations du genre, cette exposition donne \u00e0 voir comment les imaginations et les techniques plurielles des \u00e9tudiant.e.s gardent le questionnement intact et mis ici en partage, de la valeur de nos communs.<\/p>\n","protected":false},"excerpt":{"rendered":"<p>Comment la cr\u00e9ativit\u00e9 rencontre-t-elle l\u2019engagement ? Quels chemins prend l\u2019inspiration, lorsqu\u2019elle d\u00e9rive de causes et de combats pour chercher de nouvelles formes sensibles ?<\/p>\n","protected":false},"featured_media":604408,"menu_order":0,"template":"","lex_activity_apidae_category":[79],"lex_activity_category":[],"lex_activity_tag":[],"class_list":["post-604407","lex_activity","type-lex_activity","status-publish","has-post-thumbnail","hentry"],"acf":[],"publishpress_future_workflow_manual_trigger":{"enabledWorkflows":[]},"_links":{"self":[{"href":"https:\/\/www.lemanexpress.com\/de\/wp-json\/wp\/v2\/lex_activity\/604407","targetHints":{"allow":["GET"]}}],"collection":[{"href":"https:\/\/www.lemanexpress.com\/de\/wp-json\/wp\/v2\/lex_activity"}],"about":[{"href":"https:\/\/www.lemanexpress.com\/de\/wp-json\/wp\/v2\/types\/lex_activity"}],"version-history":[{"count":0,"href":"https:\/\/www.lemanexpress.com\/de\/wp-json\/wp\/v2\/lex_activity\/604407\/revisions"}],"wp:featuredmedia":[{"embeddable":true,"href":"https:\/\/www.lemanexpress.com\/de\/wp-json\/wp\/v2\/media\/604408"}],"wp:attachment":[{"href":"https:\/\/www.lemanexpress.com\/de\/wp-json\/wp\/v2\/media?parent=604407"}],"wp:term":[{"taxonomy":"lex_activity_apidae_category","embeddable":true,"href":"https:\/\/www.lemanexpress.com\/de\/wp-json\/wp\/v2\/lex_activity_apidae_category?post=604407"},{"taxonomy":"lex_activity_category","embeddable":true,"href":"https:\/\/www.lemanexpress.com\/de\/wp-json\/wp\/v2\/lex_activity_category?post=604407"},{"taxonomy":"lex_activity_tag","embeddable":true,"href":"https:\/\/www.lemanexpress.com\/de\/wp-json\/wp\/v2\/lex_activity_tag?post=604407"}],"curies":[{"name":"wp","href":"https:\/\/api.w.org\/{rel}","templated":true}]}}